{"id":345,"date":"2021-02-12T19:00:36","date_gmt":"2021-02-12T18:00:36","guid":{"rendered":"https:\/\/campingleverdoyant.fr\/2014\/?page_id=345"},"modified":"2025-01-28T14:12:17","modified_gmt":"2025-01-28T13:12:17","slug":"mentions-legales","status":"publish","type":"page","link":"https:\/\/campingleverdoyant.com\/verdoyant\/mentions-legales\/","title":{"rendered":"Mentions l\u00e9gales"},"content":{"rendered":"\t\t<div data-elementor-type=\"wp-page\" data-elementor-id=\"345\" class=\"elementor elementor-345\" data-elementor-post-type=\"page\">\n\t\t\t\t\t\t<section class=\"elementor-section elementor-top-section elementor-element elementor-element-ccd6a4b elementor-section-boxed elementor-section-height-default elementor-section-height-default\" data-id=\"ccd6a4b\" data-element_type=\"section\" data-e-type=\"section\">\n\t\t\t\t\t\t<div class=\"elementor-container elementor-column-gap-default\">\n\t\t\t\t\t<div class=\"elementor-column elementor-col-100 elementor-top-column elementor-element elementor-element-2d222d9\" data-id=\"2d222d9\" data-element_type=\"column\" data-e-type=\"column\">\n\t\t\t<div class=\"elementor-widget-wrap elementor-element-populated\">\n\t\t\t\t\t\t<div class=\"elementor-element elementor-element-67332ba elementor-widget elementor-widget-heading\" data-id=\"67332ba\" data-element_type=\"widget\" data-e-type=\"widget\" data-widget_type=\"heading.default\">\n\t\t\t\t<div class=\"elementor-widget-container\">\n\t\t\t\t\t<h1 class=\"elementor-heading-title elementor-size-default\">Les mentions l\u00e9gales<\/h1>\t\t\t\t<\/div>\n\t\t\t\t<\/div>\n\t\t\t\t\t<\/div>\n\t\t<\/div>\n\t\t\t\t\t<\/div>\n\t\t<\/section>\n\t\t\t\t<section class=\"elementor-section elementor-top-section elementor-element elementor-element-ebeff61 elementor-section-boxed elementor-section-height-default elementor-section-height-default\" data-id=\"ebeff61\" data-element_type=\"section\" data-e-type=\"section\">\n\t\t\t\t\t\t<div class=\"elementor-container elementor-column-gap-default\">\n\t\t\t\t\t<div class=\"elementor-column elementor-col-100 elementor-top-column elementor-element elementor-element-5823f13\" data-id=\"5823f13\" data-element_type=\"column\" data-e-type=\"column\">\n\t\t\t<div class=\"elementor-widget-wrap elementor-element-populated\">\n\t\t\t\t\t\t<div class=\"elementor-element elementor-element-e3bf90a elementor-widget elementor-widget-text-editor\" data-id=\"e3bf90a\" data-element_type=\"widget\" data-e-type=\"widget\" data-widget_type=\"text-editor.default\">\n\t\t\t\t<div class=\"elementor-widget-container\">\n\t\t\t\t\t\t\t\t\t<h2><span style=\"font-family: 'comic sans ms', sans-serif; color: #99cc00; font-size: 18pt;\"><br \/>1 &#8211; \u00c9dition du site<\/span><\/h2><p>En vertu de\u00a0<a href=\"https:\/\/www.legifrance.gouv.fr\/affichTexte.do?cidTexte=JORFTEXT000000801164#LEGIARTI000042038977\" target=\"_blank\" rel=\"noreferrer noopener\">l&rsquo;article 6 de la loi n\u00b0 2004-575 du 21 juin 2004<\/a>\u00a0pour la confiance dans l&rsquo;\u00e9conomie num\u00e9rique, il est pr\u00e9cis\u00e9 aux utilisateurs du site internet\u00a0<strong><a href=\"https:\/\/campingleverdoyant\/verdoyant\/\">https:\/\/campingleverdoyant\/<\/a>\u00a0<\/strong>l&rsquo;identit\u00e9 des diff\u00e9rents intervenants dans le cadre de sa r\u00e9alisation et de son suivi:<\/p><p><b>Propri\u00e9taire du site :\u00a0<br \/><\/b><span style=\"background-color: var( --e-global-color-primary ); color: var(--nv-text-color); font-family: Graphik,-apple-system,BlinkMacSystemFont,Segoe UI,var(--nv-fallback-ff);\">SARL LE VERDOYANT &#8211; CORTESE V\u00e9ronique &#8211; Email : contact@campingleverdoyant.fr &#8211; T\u00e9l. : 0553052078 &#8211; Adresse : 211 Chemin du Jarry Carrey 24210 THENON<\/span><\/p><p><strong>Identification de l&rsquo;entreprise :<\/strong>\u00a0<br \/>SARL LE VERDOYANT &#8211; au capital social de 37000\u20ac &#8211;\u00a0 RCS P\u00e9rigueux &#8211; SIREN : 453489783 &#8211; SIRET : 45348978300010<br \/>Adresse postale : 211 Chemin du Jarry Carrey 24210 THENON<\/p><p><strong>Directeur de la publication :\u00a0<br \/><\/strong>V\u00e9ronique CORTESE<\/p><p><strong>H\u00e9bergeur :<\/strong>\u00a0<br \/>OVH SAS &#8211; 2 rue Kellermann &#8211; BP 80157 &#8211; 59053 Roubaix Cedex 1 &#8211; T\u00e9l\u00e9phone : 1007 &#8211; <a href=\"https:\/\/www.ovh.com\/fr\/\">www.ovh.com<\/a><\/p><p><strong>D\u00e9l\u00e9gu\u00e9 \u00e0 la protection des donn\u00e9es :\u00a0<br \/><\/strong>CORTESE V\u00e9ronique &#8211; contact@campingleverdoyant.fr<\/p><h2><span style=\"color: #99cc00; font-family: 'comic sans ms', sans-serif;\">2 &#8211; Propri\u00e9t\u00e9 intellectuelle et contrefa\u00e7ons.<\/span><\/h2><p><strong>SARL LE VERDOYANT &#8211; CORTESE V\u00e9ronique<\/strong>\u00a0est propri\u00e9taire des droits de propri\u00e9t\u00e9 intellectuelle et d\u00e9tient les droits d\u2019usage sur tous les \u00e9l\u00e9ments accessibles sur le site internet, notamment les textes, images, graphismes, logos, vid\u00e9os, architecture, ic\u00f4nes et sons.<\/p><p>Toute reproduction, repr\u00e9sentation, modification, publication, adaptation de tout ou partie des \u00e9l\u00e9ments du site, quel que soit le moyen ou le proc\u00e9d\u00e9 utilis\u00e9, est interdite, sauf autorisation \u00e9crite pr\u00e9alable de\u00a0<strong>SARL LE VERDOYANT &#8211; CORTESE V\u00e9ronique<\/strong>.<\/p><p>Toute exploitation non autoris\u00e9e du site ou de l\u2019un quelconque des \u00e9l\u00e9ments qu\u2019il contient sera consid\u00e9r\u00e9e comme constitutive d\u2019une contrefa\u00e7on et poursuivie conform\u00e9ment aux dispositions des articles\u00a0<a href=\"https:\/\/www.legifrance.gouv.fr\/affichCodeArticle.do?idArticle=LEGIARTI000032655082&amp;cidTexte=LEGITEXT000006069414&amp;dateTexte=20160605\" target=\"_blank\" rel=\"noreferrer noopener\">L.335-2 et suivants du Code de Propri\u00e9t\u00e9 Intellectuelle<\/a>.<\/p><h2><span style=\"color: #99cc00; font-family: 'comic sans ms', sans-serif;\">3 &#8211; Limitations de responsabilit\u00e9.<\/span><\/h2><p><strong>SARL LE VERDOYANT &#8211; CORTESE V\u00e9ronique<\/strong>\u00a0ne pourra \u00eatre tenu pour responsable des dommages directs et indirects caus\u00e9s au mat\u00e9riel de l\u2019utilisateur, lors de l\u2019acc\u00e8s au site\u00a0<a href=\"https:\/\/campingleverdoyant\/verdoyant\/\">https:\/\/campingleverdoyant\/<\/a>.<\/p><p><strong>SARL LE VERDOYANT &#8211; CORTESE V\u00e9ronique<\/strong>\u00a0d\u00e9cline toute responsabilit\u00e9 quant \u00e0 l\u2019utilisation qui pourrait \u00eatre faite des informations et contenus pr\u00e9sents sur\u00a0<a href=\"https:\/\/campingleverdoyant\/verdoyant\/\">https:\/\/campingleverdoyant\/<\/a><\/p><p><strong>SARL LE VERDOYANT &#8211; CORTESE V\u00e9ronique<\/strong>\u00a0s\u2019engage \u00e0 s\u00e9curiser au mieux le site\u00a0<a href=\"https:\/\/campingleverdoyant\/verdoyant\/\">https:\/\/campingleverdoyant\/<\/a>, cependant sa responsabilit\u00e9 ne pourra \u00eatre mise en cause si des donn\u00e9es ind\u00e9sirables sont import\u00e9es et install\u00e9es sur son site \u00e0 son insu.<\/p><p>Des espaces interactifs (espace contact ou commentaires) sont \u00e0 la disposition des utilisateurs.\u00a0<strong>SARL LE VERDOYANT &#8211; CORTESE V\u00e9ronique<\/strong>\u00a0se r\u00e9serve le droit de supprimer, sans mise en demeure pr\u00e9alable, tout contenu d\u00e9pos\u00e9 dans cet espace qui contreviendrait \u00e0 la l\u00e9gislation applicable en France, en particulier aux dispositions relatives \u00e0 la protection des donn\u00e9es.<\/p><p>Le cas \u00e9ch\u00e9ant,\u00a0<strong>SARL LE VERDOYANT &#8211; CORTESE V\u00e9ronique<\/strong>\u00a0se r\u00e9serve \u00e9galement la possibilit\u00e9 de mettre en cause la responsabilit\u00e9 civile et\/ou p\u00e9nale de l\u2019utilisateur, notamment en cas de message \u00e0 caract\u00e8re raciste, injurieux, diffamant, ou pornographique, quel que soit le support utilis\u00e9 (texte, photographie \u2026).<\/p><h2><span style=\"color: #99cc00; font-family: 'comic sans ms', sans-serif;\">4 &#8211; CNIL et gestion des donn\u00e9es personnelles.<\/span><\/h2><p>Conform\u00e9ment aux dispositions de\u00a0<a href=\"https:\/\/www.legifrance.gouv.fr\/affichTexte.do?cidTexte=JORFTEXT000000886460\" target=\"_blank\" rel=\"noreferrer noopener\">la loi 78-17 du 6 janvier 1978 modifi\u00e9e<\/a>, l\u2019utilisateur du site\u00a0<a href=\"https:\/\/campingleverdoyant\/verdoyant\/\">https:\/\/campingleverdoyant\/ <\/a>dispose d\u2019un droit d\u2019acc\u00e8s, de modification et de suppression des informations collect\u00e9es. Pour exercer ce droit, envoyez un message \u00e0 notre D\u00e9l\u00e9gu\u00e9 \u00e0 la Protection des Donn\u00e9es :\u00a0<strong>CORTESE V\u00e9ronique<\/strong>\u00a0&#8211;\u00a0<strong>contact@campingleverdoyant.fr<\/strong>.<\/p><p>Pour plus d&rsquo;informations sur la fa\u00e7on dont nous traitons vos donn\u00e9es (type de donn\u00e9es, finalit\u00e9, destinataire&#8230;), lisez notre\u00a0<a href=\"https:\/\/campingleverdoyant.com\/verdoyant\/confidentialit%C3%A9\/\">Politique de Confidentialit\u00e9<\/a>.<\/p><p>Il est \u00e9galement possible de\u00a0<a href=\"https:\/\/www.cnil.fr\/fr\/plaintes\" target=\"_blank\" rel=\"noreferrer noopener\">d\u00e9poser une r\u00e9clamation aupr\u00e8s de la CNIL<\/a>.<\/p><h2><span style=\"color: #99cc00; font-family: 'comic sans ms', sans-serif;\">5 &#8211; Liens hypertextes et cookies<\/span><\/h2><p>Le site\u00a0<a href=\"http:\/\/https\/\/campingleverdoyant\/verdoyant\/\">https:\/\/campingleverdoyant\/ <\/a>contient des liens hypertextes vers d\u2019autres sites et d\u00e9gage toute responsabilit\u00e9 \u00e0 propos de ces liens externes ou des liens cr\u00e9\u00e9s par d\u2019autres sites vers\u00a0<a href=\"http:\/\/https\/\/campingleverdoyant\/verdoyant\/\">https:\/\/campingleverdoyant\/<\/a><\/p><p>La navigation sur le site\u00a0<a href=\"https:\/\/campingleverdoyant\/verdoyant\/\">https:\/\/campingleverdoyant\/<\/a>\u00a0est susceptible de provoquer l\u2019installation de cookie(s) sur l\u2019ordinateur de l\u2019utilisateur.<\/p><p>Un \u00ab\u00a0cookie\u00a0\u00bb est un fichier de petite taille qui enregistre des informations relatives \u00e0 la navigation d\u2019un utilisateur sur un site. Les donn\u00e9es ainsi obtenues permettent d&rsquo;obtenir des mesures de fr\u00e9quentation, par exemple.<\/p><p>Vous avez la possibilit\u00e9\u00a0<strong>d\u2019accepter ou de refuser les cookies<\/strong>\u00a0en modifiant les param\u00e8tres de votre navigateur. Aucun cookie ne sera d\u00e9pos\u00e9 sans votre consentement.<\/p><p>Les cookies sont enregistr\u00e9s pour une dur\u00e9e maximale de 6 mois.<\/p><p>Pour plus d&rsquo;informations sur la fa\u00e7on dont nous faisons usage des cookies, lisez notre\u00a0<a href=\"https:\/\/campingleverdoyant.com\/verdoyant\/confidentialit%C3%A9\/\">Politique de Confidentialit\u00e9<\/a>.<\/p><hr class=\"wp-block-separator\" \/><h2><span style=\"color: #99cc00; font-family: 'comic sans ms', sans-serif;\">6 &#8211; Droit applicable et attribution de juridiction.<\/span><\/h2><p>Tout litige en relation avec l\u2019utilisation du site\u00a0<a href=\"https:\/\/campingleverdoyant\/verdoyant\/\">https:\/\/campingleverdoyant\/ <\/a>est soumis au droit fran\u00e7ais. Il est fait attribution exclusive de juridiction aux tribunaux comp\u00e9tents.<\/p><p>Conform\u00e9ment aux dispositions du Code de la consommation concernant \u00ab\u00a0<strong>le processus de m\u00e9diation des litiges de la consommation<\/strong>\u00ab\u00a0, le client a le droit de recourir gratuitement au service de m\u00e9diation propos\u00e9 par le camping Le Verdoyant.\u00a0<\/p><p>Apr\u00e8s toute tentative infructueuse avec le professionnel de r\u00e9soudre son litige, le client a la possibilit\u00e9 de saisir un m\u00e9diateur de la consommation, dans un d\u00e9lai maximal d\u2019un an \u00e0 compter de la date de la r\u00e9clamation \u00e9crite, par LRAR, aupr\u00e8s de ce professionnel.<\/p><p>Les coordonn\u00e9es du m\u00e9diateur susceptible d\u2019\u00eatre saisi par le client, sont les suivantes :<\/p><p style=\"text-align: center;\"><strong>BAYONNE MEDIATION<\/strong>\u00a032 rue du Hameau\u00a064200 BIARRITZ\u00a0 &#8211;\u00a0 \u00a0<strong><span style=\"color: #808000;\"><a style=\"color: #808000;\" href=\"https:\/\/www.bayonne-mediation.com\/mediation-de-la-consommation\/formulaire-de-demande-consommateur\" target=\"_blank\" rel=\"noopener\">www.bayonne-mediation.com<\/a><\/span><\/strong><\/p><h2><span style=\"color: #99cc00; font-family: 'comic sans ms', sans-serif;\">7 &#8211; Conditions g\u00e9n\u00e9rales de ventes<\/span><\/h2><p>Cliquez pour consulter les <span style=\"text-decoration: underline; color: #808000;\"><strong><a style=\"color: #808000; text-decoration: underline;\" href=\"https:\/\/campingleverdoyant.com\/verdoyant\/wp-content\/divers\/CGV Fr-2023.pdf\" target=\"_blank\" rel=\"noopener\" data-wplink-url-error=\"true\">conditions g\u00e9n\u00e9rales de vente<\/a>\u00a0<\/strong><\/span><\/p>\t\t\t\t\t\t\t\t<\/div>\n\t\t\t\t<\/div>\n\t\t\t\t\t<\/div>\n\t\t<\/div>\n\t\t\t\t\t<\/div>\n\t\t<\/section>\n\t\t\t\t<\/div>\n\t\t","protected":false},"excerpt":{"rendered":"<p>Les mentions l\u00e9gales 1 &#8211; \u00c9dition du site En vertu de\u00a0l&rsquo;article 6 de la loi n\u00b0 2004-575 du 21 juin 2004\u00a0pour la confiance dans l&rsquo;\u00e9conomie num\u00e9rique, il est pr\u00e9cis\u00e9 aux utilisateurs du site internet\u00a0https:\/\/campingleverdoyant\/\u00a0l&rsquo;identit\u00e9 des diff\u00e9rents intervenants dans le cadre de sa r\u00e9alisation et de son suivi: Propri\u00e9taire du site :\u00a0SARL LE VERDOYANT &#8211; CORTESE&hellip;&nbsp;<a href=\"https:\/\/campingleverdoyant.com\/verdoyant\/mentions-legales\/\" rel=\"bookmark\">Lire la suite &raquo;<span class=\"screen-reader-text\">Mentions l\u00e9gales<\/span><\/a><\/p>\n","protected":false},"author":3,"featured_media":0,"parent":0,"menu_order":0,"comment_status":"closed","ping_status":"closed","template":"","meta":{"neve_meta_sidebar":"","neve_meta_container":"","neve_meta_enable_content_width":"","neve_meta_content_width":0,"neve_meta_title_alignment":"","neve_meta_author_avatar":"","neve_post_elements_order":"","neve_meta_disable_header":"","neve_meta_disable_footer":"","neve_meta_disable_title":"","_kadence_starter_templates_imported_post":false,"footnotes":""},"class_list":["post-345","page","type-page","status-publish","hentry"],"_links":{"self":[{"href":"https:\/\/campingleverdoyant.com\/verdoyant\/wp-json\/wp\/v2\/pages\/345","targetHints":{"allow":["GET"]}}],"collection":[{"href":"https:\/\/campingleverdoyant.com\/verdoyant\/wp-json\/wp\/v2\/pages"}],"about":[{"href":"https:\/\/campingleverdoyant.com\/verdoyant\/wp-json\/wp\/v2\/types\/page"}],"author":[{"embeddable":true,"href":"https:\/\/campingleverdoyant.com\/verdoyant\/wp-json\/wp\/v2\/users\/3"}],"replies":[{"embeddable":true,"href":"https:\/\/campingleverdoyant.com\/verdoyant\/wp-json\/wp\/v2\/comments?post=345"}],"version-history":[{"count":23,"href":"https:\/\/campingleverdoyant.com\/verdoyant\/wp-json\/wp\/v2\/pages\/345\/revisions"}],"predecessor-version":[{"id":9184,"href":"https:\/\/campingleverdoyant.com\/verdoyant\/wp-json\/wp\/v2\/pages\/345\/revisions\/9184"}],"wp:attachment":[{"href":"https:\/\/campingleverdoyant.com\/verdoyant\/wp-json\/wp\/v2\/media?parent=345"}],"curies":[{"name":"wp","href":"https:\/\/api.w.org\/{rel}","templated":true}]}}